{"id":12469,"date":"2026-05-06T12:23:25","date_gmt":"2026-05-06T10:23:25","guid":{"rendered":"https:\/\/portal.edu.gva.es\/fpasagunt\/?post_type=tribe_events&#038;p=12469"},"modified":"2026-05-21T20:22:45","modified_gmt":"2026-05-21T18:22:45","slug":"becas-solicitala-hasta-el-18-de-mayo-15h-para-futuros-estudiantes-del-curso-26-27","status":"publish","type":"tribe_events","link":"https:\/\/portal.edu.gva.es\/fpasagunt\/es\/event\/becas-solicitala-hasta-el-18-de-mayo-15h-para-futuros-estudiantes-del-curso-26-27\/","title":{"rendered":"Becas. Solic\u00edtala hasta el 18 de mayo (15h) para futuros estudiantes del curso 26-27"},"content":{"rendered":"\n<p><strong><span class=\"has-inline-color has-black-color\">BECA GENERAL Curso 2026\/2027&nbsp;<\/span><\/strong><\/p>\n\n\n\n<p class=\"has-text-align-center has-medium-font-size\"><span class=\"has-inline-color has-black-color\"><strong>Ministerio de Educaci\u00f3n, Formaci\u00f3n Profesional y Deportes (MEFPD)&nbsp;<\/strong><\/span><\/p>\n\n\n<div class=\"gb-container gb-container-c03794a0\">\n\n<figure class=\"wp-block-image size-large\"><img decoding=\"async\" src=\"https:\/\/www.becaseducacion.gob.es\/.imaging\/mte\/becas-theme\/contenido-csldn-todo-1c\/dam\/micrositios\/becas\/portada\/carrusel2025amliaplazo\/7bocetobecas\/jcr:content\/7bocetobecas.jpg\" alt=\"\" \/><\/figure>\n\n<\/div>\n\n<div class=\"gb-container gb-container-32ee5bda\">\n\n<p class=\"has-text-align-center\"><strong>CONVOCATORIA BECAS DE CAR\u00c1CTER GENERAL PARA EL CURSO ACAD\u00c9MICO 2026-2027 PARA ESTUDIANTES QUE CURSEN ESTUDIOS POSTOBLIGATORIOS<\/strong> o <strong>UNIVERSIDAD<\/strong>.<\/p>\n\n\n\n<h2 class=\"wp-block-heading\"><strong><span class=\"has-inline-color has-black-color\">Del <\/span><span class=\"has-inline-color has-vivid-red-color\">7<\/span><span class=\"has-inline-color has-vivid-red-color\"> de abril a las 08:00 hasta el 18 de mayo de 2026 a las 15:00<\/span><span class=\"has-inline-color has-black-color\"> abierto el plazo para Solicitar Beca a alumnado de niveles postobligatorios y Universidad curso 2026-202<\/span>7<\/strong><\/h2>\n\n\n\n<pre class=\"wp-block-preformatted\"><strong><span class=\"has-inline-color has-black-color\">MUY IMPORTANTE<\/span><\/strong><\/pre>\n\n\n\n<ol class=\"wp-block-list\">\n<li><span class=\"has-inline-color has-black-color\"><strong>No lo dejes para el final <\/strong>(ojo que el \u00faltimo d\u00eda el plazo termina a las 15 h)<strong>.&nbsp;<\/strong><\/span><\/li>\n\n\n\n<li><span class=\"has-inline-color has-black-color\">Pide tu beca aunque no sepas lo que vas a estudiar o incluso si vas o no a estudiar.&nbsp;<\/span><\/li>\n<\/ol>\n\n\n\n<p>&nbsp;<\/p>\n\n\n\n<pre class=\"wp-block-preformatted\">PUEDE SOLICITAR ESTA BECA EL ALUMNADO QUE EL PR\u00d3XIMO CURSO 26\/27 SE ENCUENTRE EN: <\/pre>\n\n\n\n<p>\u2022 Formaci\u00f3n Profesional <\/p>\n\n\n\n<p>\u2022 Ense\u00f1anzas art\u00edsticas profesionales <\/p>\n\n\n\n<p>\u2022 Escuelas Oficiales de Idiomas <\/p>\n\n\n\n<p>\u2022 Ense\u00f1anzas deportivas <\/p>\n\n\n\n<p>\u2022 Estudios religiosos superiores <\/p>\n\n\n\n<p>\u2022Formaci\u00f3n Profesional de Grado B\u00e1sico<\/p>\n\n\n\n<p>\u2022 Bachillerato<\/p>\n\n\n\n<p>\u2022 Cursos de acceso y de preparaci\u00f3n para pruebas de acceso a FP y a ciclos formativos <\/p>\n\n\n\n<p>\u2022 Universidad<\/p>\n\n\n\n<p>\u2022 Cursos de acceso y de preparaci\u00f3n para pruebas de acceso a FP y a ciclos formativo<\/p>\n\n\n\n<p><\/p>\n\n\n\n<pre class=\"wp-block-preformatted\"><strong> C\u00d3MO SE SOLICITA LA BECA: <\/strong><\/pre>\n\n\n\n<p>1) Accede a la sede electr\u00f3nica del Ministerio, haz clic en \u201cMis expedientes\u201d y registra tu acceso. <\/p>\n\n\n\n<p>2) Vuelve a la sede electr\u00f3nica del Ministerio y haz clic en \u201cBecas y ayudas de niveles postobligatoris\u201d. <\/p>\n\n\n\n<p><a href=\"https:\/\/www.becaseducacion.gob.es\/dudas\/videos.html\" data-type=\"link\" data-id=\"https:\/\/www.becaseducacion.gob.es\/dudas\/videos.html\" target=\"_blank\" rel=\"noreferrer noopener\">V\u00eddeos aclaratorios<\/a><\/p>\n\n\n\n<pre class=\"wp-block-preformatted\"><strong>ACCESO SOLICITUD BECA SEDE ELECTR\u00d3NICA <\/strong><\/pre>\n\n\n\n<p>\u25aa Si presentas varias solicitudes, se tendr\u00e1 en cuenta la \u00faltima. <\/p>\n\n\n\n<p>\u25aa Dispones de toda la informaci\u00f3n en este enlace: <a href=\"https:\/\/www.becaseducacion.gob.es\/becas-y-ayudas\/fp-bachillerato-otros\/como-solicitarla.html\" data-type=\"link\" data-id=\"https:\/\/www.becaseducacion.gob.es\/becas-y-ayudas\/fp-bachillerato-otros\/como-solicitarla.html\" target=\"_blank\" rel=\"noreferrer noopener\">BECAS DE EDUCACI\u00d3N<\/a><\/p>\n\n\n\n<p>\u25aa Si necesitas ayuda para acceder a la sede electr\u00f3nica o has olvidado tu usuario y contrase\u00f1a, consulta el siguiente enlace: <a href=\"https:\/\/www.becaseducacion.gob.es\/dudas\/videos.html\" data-type=\"link\" data-id=\"https:\/\/www.becaseducacion.gob.es\/dudas\/videos.html\" target=\"_blank\" rel=\"noreferrer noopener\">AYUDA REGISTRO SEDE ELECTR\u00d2NICA<\/a> <\/p>\n\n\n\n<p>\u25aa Presta mucha atenci\u00f3n al tel\u00e9fono y correo electr\u00f3nico que pones en la  solicitud. Recibir\u00e1s avisos de notificaciones importantes en el correo aportado. Tiene que ser el de la persona solicitante y\/o los representantes legales. Consulta regularmente el correo y las notificaciones en la Sede Electr\u00f3nica.<\/p>\n\n\n\n<p> \u25aa Revisa el justificante de haber presentado la solicitud \u201cpdf\u201d. <\/p>\n\n\n\n<p><\/p>\n\n\n\n<p><\/p>\n\n\n\n<pre class=\"wp-block-preformatted\"><strong>PARA RESOLVER DUDAS:<\/strong><\/pre>\n\n\n\n<p> \u25aa Consulta este apartado de la web del Ministerio: <a rel=\"noreferrer noopener\" href=\"https:\/\/www.becaseducacion.gob.es\/dudas\/asi-de-facil.html\" data-type=\"link\" data-id=\"https:\/\/www.becaseducacion.gob.es\/dudas\/asi-de-facil.html\" target=\"_blank\">DUDAS<\/a> (tu beca, as\u00ed de f\u00e1cil)<\/p>\n\n\n\n<pre class=\"wp-block-preformatted\"><strong>Consulta desde la web del Ministerio: <\/strong><\/pre>\n\n\n\n<ul class=\"wp-block-list\">\n<li><a href=\"https:\/\/www.becaseducacion.gob.es\/portada.html\" data-type=\"link\" data-id=\"https:\/\/www.becaseducacion.gob.es\/portada.html\" target=\"_blank\" rel=\"noreferrer noopener\">Web del Ministerio<\/a><\/li>\n\n\n\n<li><a href=\"https:\/\/www.boe.es\/diario_boe\/verifica.php?acc=Verificar&amp;c=BOE-B-2026-9261\" target=\"_blank\" rel=\"noreferrer noopener\">Extracto de la Resoluci\u00f3n de 23 de marzo de 2026 de la Secretar\u00eda de Estado de Educaci\u00f3n<\/a>,<\/li>\n<\/ul>\n\n\n\n<p>&#8211; <strong><span class=\"has-inline-color has-black-color\">RECUERDA: <\/span><\/strong><\/p>\n\n\n\n<p>1) entra en la sede electr\u00f3nica del Ministerio;<br>2) reg\u00edstrate;<br>3) rellena el formulario;<br>4) firmar i presentar solicitud (pesta\u00f1a roja). Si presentas varias solicitudes, se tdndr\u00e1 en cuenta la \u00faltima.<\/p>\n\n<\/div>\n\n\n<hr class=\"wp-block-separator has-css-opacity\" \/>\n\n\n\n<p><\/p>\n\n\n\n\n\n\n","protected":false},"excerpt":{"rendered":"<p>BECA GENERAL Curso 2026\/2027&nbsp; Ministerio de Educaci\u00f3n, Formaci\u00f3n Profesional y Deportes (MEFPD)&nbsp; CONVOCATORIA BECAS DE CAR\u00c1CTER GENERAL PARA EL CURSO ACAD\u00c9MICO 2026-2027 PARA ESTUDIANTES QUE CURSEN ESTUDIOS POSTOBLIGATORIOS o UNIVERSIDAD. Del 7 de abril a las 08:00 hasta el 18 de mayo de 2026 a las 15:00 abierto el plazo para Solicitar Beca a alumnado &#8230; <\/p>\n<p class=\"read-more-container\"><a title=\"Becas. Solic\u00edtala hasta el 18 de mayo (15h) para futuros estudiantes del curso 26-27\" class=\"read-more button\" href=\"https:\/\/portal.edu.gva.es\/fpasagunt\/es\/event\/becas-solicitala-hasta-el-18-de-mayo-15h-para-futuros-estudiantes-del-curso-26-27\/#more-12469\" aria-label=\"Read more about Becas. Solic\u00edtala hasta el 18 de mayo (15h) para futuros estudiantes del curso 26-27\">LEER M\u00c1S<\/a><\/p>\n","protected":false},"author":5937,"featured_media":12449,"template":"","tags":[],"tribe_events_cat":[],"class_list":["post-12469","tribe_events","type-tribe_events","status-publish","has-post-thumbnail","hentry","resize-featured-image"],"gva":{"featured":false,"start":"2026-05-20 08:00:00","end":"2026-05-20 17:00:00","excluded":false,"month":"May","day":"20","year":"2026","time":"","hora":"08:00 - 17:00","venue":"","organizer":""},"lang":"es","translations":{"es":12469,"va":12467},"pll_sync_post":[],"_links":{"self":[{"href":"https:\/\/portal.edu.gva.es\/fpasagunt\/wp-json\/wp\/v2\/tribe_events\/12469","targetHints":{"allow":["GET"]}}],"collection":[{"href":"https:\/\/portal.edu.gva.es\/fpasagunt\/wp-json\/wp\/v2\/tribe_events"}],"about":[{"href":"https:\/\/portal.edu.gva.es\/fpasagunt\/wp-json\/wp\/v2\/types\/tribe_events"}],"author":[{"embeddable":true,"href":"https:\/\/portal.edu.gva.es\/fpasagunt\/wp-json\/wp\/v2\/users\/5937"}],"version-history":[{"count":2,"href":"https:\/\/portal.edu.gva.es\/fpasagunt\/wp-json\/wp\/v2\/tribe_events\/12469\/revisions"}],"predecessor-version":[{"id":12479,"href":"https:\/\/portal.edu.gva.es\/fpasagunt\/wp-json\/wp\/v2\/tribe_events\/12469\/revisions\/12479"}],"wp:featuredmedia":[{"embeddable":true,"href":"https:\/\/portal.edu.gva.es\/fpasagunt\/wp-json\/wp\/v2\/media\/12449"}],"wp:attachment":[{"href":"https:\/\/portal.edu.gva.es\/fpasagunt\/wp-json\/wp\/v2\/media?parent=12469"}],"wp:term":[{"taxonomy":"post_tag","embeddable":true,"href":"https:\/\/portal.edu.gva.es\/fpasagunt\/wp-json\/wp\/v2\/tags?post=12469"},{"taxonomy":"tribe_events_cat","embeddable":true,"href":"https:\/\/portal.edu.gva.es\/fpasagunt\/wp-json\/wp\/v2\/tribe_events_cat?post=12469"}],"curies":[{"name":"wp","href":"https:\/\/api.w.org\/{rel}","templated":true}]}}